{"id":2919,"date":"2020-02-27T10:11:36","date_gmt":"2020-07-17T08:16:20","guid":{"rendered":"https:\/\/www.frantoioarmato.it\/unkategorisiert\/naehrende-gesichtscreme\/"},"modified":"2020-07-22T14:49:30","modified_gmt":"2020-07-22T14:49:30","slug":"nahrende-gesichtscreme","status":"publish","type":"product","link":"https:\/\/www.frantoioarmato.it\/de\/kosmetika\/nahrende-gesichtscreme\/","title":{"rendered":"N\u00e4hrende Gesichtscreme"},"content":{"rendered":"<p>Diese ausgezeichnete N\u00e4hrcreme, die besonders gut nachts verwendet werden sollte, enth\u00e4lt einen Multivitamin-Komplex, mit dem die Haut auf das Beste gen\u00e4hrt wird. Sheabutter pflegt die Haut weich und repariert kleine Sch\u00e4den. F\u00fcr jedes Alter geeignet. Die Formel wird durch eine Reihe von nat\u00fcrlichen Wirkstoffen vervollst\u00e4ndigt, um die Haut fest und elastisch zu machen: Oliven\u00f6l mit viel unverseifbaren Bestandteilen, um die Haut zu festigen, Bienenwachs f\u00fcr Tonus und Spannkraft und Weizenkeim\u00f6l mit viel Retinol, dem altersvorbeugenden Vitamin.<\/p>\n","protected":false},"excerpt":{"rendered":"<p>Diese ausgezeichnete N\u00e4hrcreme, die besonders gut nachts verwendet werden sollte, enth\u00e4lt einen Multivitamin-Komplex, mit dem die Haut auf das Beste gen\u00e4hrt wird. Sheabutter pflegt die Haut weich und repariert kleine Sch\u00e4den. F\u00fcr jedes Alter geeignet. Die Formel wird durch eine Reihe von nat\u00fcrlichen Wirkstoffen vervollst\u00e4ndigt, um die Haut fest und elastisch zu machen: Oliven\u00f6l mit [&hellip;]<\/p>\n","protected":false},"featured_media":1937,"template":"","meta":{"_acf_changed":false},"product_brand":[],"product_cat":[220],"product_tag":[],"class_list":{"0":"post-2919","1":"product","2":"type-product","3":"status-publish","4":"has-post-thumbnail","6":"product_cat-kosmetika","7":"pa_cosmetic-gesicht","9":"first","10":"instock","11":"taxable","12":"shipping-taxable","13":"purchasable","14":"product-type-simple"},"acf":[],"yoast_head":"<!-- This site is optimized with the Yoast SEO plugin v27.3 - https:\/\/yoast.com\/product\/yoast-seo-wordpress\/ -->\n<title>N\u00e4hrende Gesichtscreme - Al Frantoio di Aldo Armato<\/title>\n<meta name=\"robots\" content=\"index, follow, max-snippet:-1, max-image-preview:large, max-video-preview:-1\" \/>\n<link rel=\"canonical\" href=\"https:\/\/www.frantoioarmato.it\/de\/kosmetika\/nahrende-gesichtscreme\/\" \/>\n<meta property=\"og:locale\" content=\"de_DE\" \/>\n<meta property=\"og:type\" content=\"article\" \/>\n<meta property=\"og:title\" content=\"N\u00e4hrende Gesichtscreme - Al Frantoio di Aldo Armato\" \/>\n<meta property=\"og:description\" content=\"Diese ausgezeichnete N\u00e4hrcreme, die besonders gut nachts verwendet werden sollte, enth\u00e4lt einen Multivitamin-Komplex, mit dem die Haut auf das Beste gen\u00e4hrt wird. Sheabutter pflegt die Haut weich und repariert kleine Sch\u00e4den. F\u00fcr jedes Alter geeignet. Die Formel wird durch eine Reihe von nat\u00fcrlichen Wirkstoffen vervollst\u00e4ndigt, um die Haut fest und elastisch zu machen: Oliven\u00f6l mit [&hellip;]\" \/>\n<meta property=\"og:url\" content=\"https:\/\/www.frantoioarmato.it\/de\/kosmetika\/nahrende-gesichtscreme\/\" \/>\n<meta property=\"og:site_name\" content=\"Al Frantoio di Aldo Armato\" \/>\n<meta property=\"article:modified_time\" content=\"2020-07-22T14:49:30+00:00\" \/>\n<meta property=\"og:image\" content=\"https:\/\/www.frantoioarmato.it\/wp-content\/uploads\/2020\/02\/crema-viso-nutriente-olio-oliva.jpg\" \/>\n\t<meta property=\"og:image:width\" content=\"600\" \/>\n\t<meta property=\"og:image:height\" content=\"600\" \/>\n\t<meta property=\"og:image:type\" content=\"image\/jpeg\" \/>\n<meta name=\"twitter:card\" content=\"summary_large_image\" \/>\n<script type=\"application\/ld+json\" class=\"yoast-schema-graph\">{\"@context\":\"https:\\\/\\\/schema.org\",\"@graph\":[{\"@type\":\"WebPage\",\"@id\":\"https:\\\/\\\/www.frantoioarmato.it\\\/de\\\/kosmetika\\\/nahrende-gesichtscreme\\\/\",\"url\":\"https:\\\/\\\/www.frantoioarmato.it\\\/de\\\/kosmetika\\\/nahrende-gesichtscreme\\\/\",\"name\":\"N\u00e4hrende Gesichtscreme - Al Frantoio di Aldo Armato\",\"isPartOf\":{\"@id\":\"https:\\\/\\\/www.frantoioarmato.it\\\/#website\"},\"primaryImageOfPage\":{\"@id\":\"https:\\\/\\\/www.frantoioarmato.it\\\/de\\\/kosmetika\\\/nahrende-gesichtscreme\\\/#primaryimage\"},\"image\":{\"@id\":\"https:\\\/\\\/www.frantoioarmato.it\\\/de\\\/kosmetika\\\/nahrende-gesichtscreme\\\/#primaryimage\"},\"thumbnailUrl\":\"https:\\\/\\\/www.frantoioarmato.it\\\/wp-content\\\/uploads\\\/2020\\\/02\\\/crema-viso-nutriente-olio-oliva.jpg\",\"datePublished\":\"2020-07-17T08:16:20+00:00\",\"dateModified\":\"2020-07-22T14:49:30+00:00\",\"breadcrumb\":{\"@id\":\"https:\\\/\\\/www.frantoioarmato.it\\\/de\\\/kosmetika\\\/nahrende-gesichtscreme\\\/#breadcrumb\"},\"inLanguage\":\"de\",\"potentialAction\":[{\"@type\":\"ReadAction\",\"target\":[\"https:\\\/\\\/www.frantoioarmato.it\\\/de\\\/kosmetika\\\/nahrende-gesichtscreme\\\/\"]}]},{\"@type\":\"ImageObject\",\"inLanguage\":\"de\",\"@id\":\"https:\\\/\\\/www.frantoioarmato.it\\\/de\\\/kosmetika\\\/nahrende-gesichtscreme\\\/#primaryimage\",\"url\":\"https:\\\/\\\/www.frantoioarmato.it\\\/wp-content\\\/uploads\\\/2020\\\/02\\\/crema-viso-nutriente-olio-oliva.jpg\",\"contentUrl\":\"https:\\\/\\\/www.frantoioarmato.it\\\/wp-content\\\/uploads\\\/2020\\\/02\\\/crema-viso-nutriente-olio-oliva.jpg\",\"width\":600,\"height\":600},{\"@type\":\"BreadcrumbList\",\"@id\":\"https:\\\/\\\/www.frantoioarmato.it\\\/de\\\/kosmetika\\\/nahrende-gesichtscreme\\\/#breadcrumb\",\"itemListElement\":[{\"@type\":\"ListItem\",\"position\":1,\"name\":\"Home\",\"item\":\"https:\\\/\\\/www.frantoioarmato.it\\\/de\\\/\"},{\"@type\":\"ListItem\",\"position\":2,\"name\":\"Shop\",\"item\":\"https:\\\/\\\/www.frantoioarmato.it\\\/de\\\/shop-2\\\/\"},{\"@type\":\"ListItem\",\"position\":3,\"name\":\"N\u00e4hrende Gesichtscreme\"}]},{\"@type\":\"WebSite\",\"@id\":\"https:\\\/\\\/www.frantoioarmato.it\\\/#website\",\"url\":\"https:\\\/\\\/www.frantoioarmato.it\\\/\",\"name\":\"Al Frantoio di Aldo Armato\",\"description\":\"Vendita olio e prodotti tipici liguri\",\"potentialAction\":[{\"@type\":\"SearchAction\",\"target\":{\"@type\":\"EntryPoint\",\"urlTemplate\":\"https:\\\/\\\/www.frantoioarmato.it\\\/?s={search_term_string}\"},\"query-input\":{\"@type\":\"PropertyValueSpecification\",\"valueRequired\":true,\"valueName\":\"search_term_string\"}}],\"inLanguage\":\"de\"}]}<\/script>\n<!-- \/ Yoast SEO plugin. -->","yoast_head_json":{"title":"N\u00e4hrende Gesichtscreme - Al Frantoio di Aldo Armato","robots":{"index":"index","follow":"follow","max-snippet":"max-snippet:-1","max-image-preview":"max-image-preview:large","max-video-preview":"max-video-preview:-1"},"canonical":"https:\/\/www.frantoioarmato.it\/de\/kosmetika\/nahrende-gesichtscreme\/","og_locale":"de_DE","og_type":"article","og_title":"N\u00e4hrende Gesichtscreme - Al Frantoio di Aldo Armato","og_description":"Diese ausgezeichnete N\u00e4hrcreme, die besonders gut nachts verwendet werden sollte, enth\u00e4lt einen Multivitamin-Komplex, mit dem die Haut auf das Beste gen\u00e4hrt wird. Sheabutter pflegt die Haut weich und repariert kleine Sch\u00e4den. F\u00fcr jedes Alter geeignet. Die Formel wird durch eine Reihe von nat\u00fcrlichen Wirkstoffen vervollst\u00e4ndigt, um die Haut fest und elastisch zu machen: Oliven\u00f6l mit [&hellip;]","og_url":"https:\/\/www.frantoioarmato.it\/de\/kosmetika\/nahrende-gesichtscreme\/","og_site_name":"Al Frantoio di Aldo Armato","article_modified_time":"2020-07-22T14:49:30+00:00","og_image":[{"width":600,"height":600,"url":"https:\/\/www.frantoioarmato.it\/wp-content\/uploads\/2020\/02\/crema-viso-nutriente-olio-oliva.jpg","type":"image\/jpeg"}],"twitter_card":"summary_large_image","schema":{"@context":"https:\/\/schema.org","@graph":[{"@type":"WebPage","@id":"https:\/\/www.frantoioarmato.it\/de\/kosmetika\/nahrende-gesichtscreme\/","url":"https:\/\/www.frantoioarmato.it\/de\/kosmetika\/nahrende-gesichtscreme\/","name":"N\u00e4hrende Gesichtscreme - Al Frantoio di Aldo Armato","isPartOf":{"@id":"https:\/\/www.frantoioarmato.it\/#website"},"primaryImageOfPage":{"@id":"https:\/\/www.frantoioarmato.it\/de\/kosmetika\/nahrende-gesichtscreme\/#primaryimage"},"image":{"@id":"https:\/\/www.frantoioarmato.it\/de\/kosmetika\/nahrende-gesichtscreme\/#primaryimage"},"thumbnailUrl":"https:\/\/www.frantoioarmato.it\/wp-content\/uploads\/2020\/02\/crema-viso-nutriente-olio-oliva.jpg","datePublished":"2020-07-17T08:16:20+00:00","dateModified":"2020-07-22T14:49:30+00:00","breadcrumb":{"@id":"https:\/\/www.frantoioarmato.it\/de\/kosmetika\/nahrende-gesichtscreme\/#breadcrumb"},"inLanguage":"de","potentialAction":[{"@type":"ReadAction","target":["https:\/\/www.frantoioarmato.it\/de\/kosmetika\/nahrende-gesichtscreme\/"]}]},{"@type":"ImageObject","inLanguage":"de","@id":"https:\/\/www.frantoioarmato.it\/de\/kosmetika\/nahrende-gesichtscreme\/#primaryimage","url":"https:\/\/www.frantoioarmato.it\/wp-content\/uploads\/2020\/02\/crema-viso-nutriente-olio-oliva.jpg","contentUrl":"https:\/\/www.frantoioarmato.it\/wp-content\/uploads\/2020\/02\/crema-viso-nutriente-olio-oliva.jpg","width":600,"height":600},{"@type":"BreadcrumbList","@id":"https:\/\/www.frantoioarmato.it\/de\/kosmetika\/nahrende-gesichtscreme\/#breadcrumb","itemListElement":[{"@type":"ListItem","position":1,"name":"Home","item":"https:\/\/www.frantoioarmato.it\/de\/"},{"@type":"ListItem","position":2,"name":"Shop","item":"https:\/\/www.frantoioarmato.it\/de\/shop-2\/"},{"@type":"ListItem","position":3,"name":"N\u00e4hrende Gesichtscreme"}]},{"@type":"WebSite","@id":"https:\/\/www.frantoioarmato.it\/#website","url":"https:\/\/www.frantoioarmato.it\/","name":"Al Frantoio di Aldo Armato","description":"Vendita olio e prodotti tipici liguri","potentialAction":[{"@type":"SearchAction","target":{"@type":"EntryPoint","urlTemplate":"https:\/\/www.frantoioarmato.it\/?s={search_term_string}"},"query-input":{"@type":"PropertyValueSpecification","valueRequired":true,"valueName":"search_term_string"}}],"inLanguage":"de"}]}},"jetpack_sharing_enabled":true,"_links":{"self":[{"href":"https:\/\/www.frantoioarmato.it\/de\/wp-json\/wp\/v2\/product\/2919","targetHints":{"allow":["GET"]}}],"collection":[{"href":"https:\/\/www.frantoioarmato.it\/de\/wp-json\/wp\/v2\/product"}],"about":[{"href":"https:\/\/www.frantoioarmato.it\/de\/wp-json\/wp\/v2\/types\/product"}],"wp:featuredmedia":[{"embeddable":true,"href":"https:\/\/www.frantoioarmato.it\/de\/wp-json\/wp\/v2\/media\/1937"}],"wp:attachment":[{"href":"https:\/\/www.frantoioarmato.it\/de\/wp-json\/wp\/v2\/media?parent=2919"}],"wp:term":[{"taxonomy":"product_brand","embeddable":true,"href":"https:\/\/www.frantoioarmato.it\/de\/wp-json\/wp\/v2\/product_brand?post=2919"},{"taxonomy":"product_cat","embeddable":true,"href":"https:\/\/www.frantoioarmato.it\/de\/wp-json\/wp\/v2\/product_cat?post=2919"},{"taxonomy":"product_tag","embeddable":true,"href":"https:\/\/www.frantoioarmato.it\/de\/wp-json\/wp\/v2\/product_tag?post=2919"}],"curies":[{"name":"wp","href":"https:\/\/api.w.org\/{rel}","templated":true}]}}